{"version":"1.0","provider_name":"Otthonod a Kert","provider_url":"https:\/\/otthonodakert.cafeblog.hu","author_name":"Otthonod a Kert","author_url":"https:\/\/otthonodakert.cafeblog.hu\/author\/otthonod_a_kert\/","title":"Kert az egekben","html":"<p style=\"text-align: center\"><strong>Egyre t\u00f6bbet hallunk a z\u00f6ldtet\u0151kr\u0151l, kedvez\u0151 \u00f6kol\u00f3giai hat\u00e1sukr\u00f3l.<\/strong><\/p>\r\n<p style=\"text-align: center\">Iroda\u00e9p\u00fcletek \u00e9s bev\u00e1s\u00e1rl\u00f3k\u00f6zpontok tetej\u00e9n gyakran tal\u00e1lkozunk vele, de vajon lak\u00f3h\u00e1zak, t\u00e1rsash\u00e1zak tetej\u00e9n is m\u0171k\u00f6dhet?<\/p>\r\n<p>A z\u00f6ldtet\u0151k legfontosabb krit\u00e9riuma a megfelel\u0151 szigetel\u00e9s \u00e9s v\u00edzelvezet\u00e9s. M\u00edg a hagyom\u00e1nyos tet\u0151k eset\u00e9ben a vizet a tet\u0151s\u00edk lejt\u00e9se vezeti a csatorn\u00e1ba, \u00e9s a tet\u0151cserepek biztos\u00edtj\u00e1k azt, hogy ne a fej\u00fcnkre hulljon a csapad\u00e9k, addig a s\u00edktet\u0151 eset\u00e9ben a szigetel\u00e9snek kell helyt\u00e1llnia.<\/p>\r\n<p>T\u00e1rsash\u00e1zakn\u00e1l m\u00e1r \u00e9vtizedek \u00f3ta l\u00e9tez\u0151 megold\u00e1s a s\u00edktet\u0151, t\u00f6bb-kevesebb sikerrel megoldott\u00e1k m\u00e1r az \u00f6tvenes \u00e9vekben is a szigetel\u00e9st. Manaps\u00e1g, sokkal korszer\u0171bb megold\u00e1sokkal \u00e9s szigetel\u0151anyagokkal rendelkez\u00fcnk, \u00edgy a tet\u0151n kialak\u00edtand\u00f3 z\u00f6ld kert egy\u00e1ltal\u00e1n nem \u00f6rd\u00f6gt\u0151l val\u00f3 gondolat.<\/p>\r\n<p>&nbsp;<\/p>\r\n<p>&nbsp;<\/p>\r\n<p><a href=\"https:\/\/otthonodakert.cafeblog.hu\/files\/2019\/02\/z14.jpg\"><img class=\"aligncenter size-full wp-image-170\" src=\"https:\/\/otthonodakert.cafeblog.hu\/files\/2019\/02\/z14.jpg\" alt=\"\" width=\"249\" height=\"175\" \/><\/a><\/p>\r\n<p><a href=\"https:\/\/otthonodakert.cafeblog.hu\/files\/2019\/02\/z13.jpg\"><img class=\"aligncenter size-medium wp-image-169\" src=\"https:\/\/otthonodakert.cafeblog.hu\/files\/2019\/02\/z13-300x225.jpg\" alt=\"\" width=\"300\" height=\"225\" \/><\/a><\/p>\r\n[caption id=\"attachment_155\" align=\"aligncenter\" width=\"300\"]<a href=\"https:\/\/otthonodakert.cafeblog.hu\/files\/2019\/02\/z6.jpg\"><img class=\"size-medium wp-image-155\" src=\"https:\/\/otthonodakert.cafeblog.hu\/files\/2019\/02\/z6-300x214.jpg\" alt=\"\" width=\"300\" height=\"214\" \/><\/a> Z\u00f6ldkert a panelen[\/caption]\r\n<p><a href=\"https:\/\/otthonodakert.cafeblog.hu\/files\/2019\/02\/z15.jpg\"><img class=\"aligncenter size-medium wp-image-171\" src=\"https:\/\/otthonodakert.cafeblog.hu\/files\/2019\/02\/z15-300x200.jpg\" alt=\"\" width=\"300\" height=\"200\" \/><\/a><\/p>\r\n<p>A k\u00e9rd\u00e9s els\u0151sorban a v\u00e1rosokban tal\u00e1lhat\u00f3, t\u00f6bbnyire t\u00e1rsash\u00e1zakat \u00e9rinti, de mi akad\u00e1lyozhatja meg az egy\u00e9ni \u00e9p\u00edttet\u0151t, hogy z\u00f6ld k\u00f6rnyezet\u00e9t megn\u00f6velje a h\u00e1za tetej\u00e9n tal\u00e1lhat\u00f3 k\u00fcl\u00f6nleges kerttel?<\/p>\r\n<p>Inspir\u00e1ci\u00f3nak n\u00e9h\u00e1ny k\u00e9pet mutatunk - van k\u00f6zte eg\u00e9szen egyszer\u0171, \u00e9s van teljesen elk\u00e9peszt\u0151 is.<\/p>\r\n<p><a href=\"https:\/\/otthonodakert.cafeblog.hu\/files\/2019\/02\/z3.jpg\"><img class=\"aligncenter size-full wp-image-156\" src=\"https:\/\/otthonodakert.cafeblog.hu\/files\/2019\/02\/z3.jpg\" alt=\"\" width=\"259\" height=\"194\" \/><\/a><\/p>\r\n<p><a href=\"https:\/\/otthonodakert.cafeblog.hu\/files\/2019\/02\/z2.jpg\"><img class=\"aligncenter size-medium wp-image-157\" src=\"https:\/\/otthonodakert.cafeblog.hu\/files\/2019\/02\/z2-300x216.jpg\" alt=\"\" width=\"300\" height=\"216\" \/><\/a><\/p>\r\n<p><a href=\"https:\/\/otthonodakert.cafeblog.hu\/files\/2019\/02\/zoldteto1.jpg\"><img class=\"aligncenter size-medium wp-image-175\" src=\"https:\/\/otthonodakert.cafeblog.hu\/files\/2019\/02\/zoldteto1-300x225.jpg\" alt=\"\" width=\"300\" height=\"225\" \/><\/a><\/p>\r\n<p><a href=\"https:\/\/otthonodakert.cafeblog.hu\/files\/2019\/02\/z18.jpg\"><img class=\"aligncenter size-full wp-image-174\" src=\"https:\/\/otthonodakert.cafeblog.hu\/files\/2019\/02\/z18.jpg\" alt=\"\" width=\"259\" height=\"194\" \/><\/a><\/p>\r\n<p>&nbsp;<\/p>\r\n<p><a href=\"https:\/\/otthonodakert.cafeblog.hu\/files\/2019\/02\/z17.jpg\"><img class=\"aligncenter size-medium wp-image-173\" src=\"https:\/\/otthonodakert.cafeblog.hu\/files\/2019\/02\/z17-300x175.jpg\" alt=\"\" width=\"300\" height=\"175\" \/><\/a><\/p>\r\n<p><a href=\"https:\/\/otthonodakert.cafeblog.hu\/files\/2019\/02\/z16.jpg\"><img class=\"aligncenter size-medium wp-image-172\" src=\"https:\/\/otthonodakert.cafeblog.hu\/files\/2019\/02\/z16-300x160.jpg\" alt=\"\" width=\"300\" height=\"160\" \/><\/a><\/p>\r\n<p><a href=\"https:\/\/otthonodakert.cafeblog.hu\/files\/2019\/02\/z12.jpg\"><img class=\"aligncenter size-medium wp-image-168\" src=\"https:\/\/otthonodakert.cafeblog.hu\/files\/2019\/02\/z12-300x225.jpg\" alt=\"\" width=\"300\" height=\"225\" \/><\/a><\/p>\r\n<p><a href=\"https:\/\/otthonodakert.cafeblog.hu\/files\/2019\/02\/z11.jpg\"><img class=\"aligncenter size-medium wp-image-167\" src=\"https:\/\/otthonodakert.cafeblog.hu\/files\/2019\/02\/z11-300x201.jpg\" alt=\"\" width=\"300\" height=\"201\" \/><\/a><\/p>\r\n<p><a href=\"https:\/\/otthonodakert.cafeblog.hu\/files\/2019\/02\/z10.jpg\"><img class=\"aligncenter size-medium wp-image-166\" src=\"https:\/\/otthonodakert.cafeblog.hu\/files\/2019\/02\/z10-300x201.jpg\" alt=\"\" width=\"300\" height=\"201\" \/><\/a><\/p>\r\n<p>&nbsp;<\/p>\r\n<p><a href=\"https:\/\/otthonodakert.cafeblog.hu\/files\/2019\/02\/z9.jpg\"><img class=\"aligncenter size-medium wp-image-165\" src=\"https:\/\/otthonodakert.cafeblog.hu\/files\/2019\/02\/z9-300x168.jpg\" alt=\"\" width=\"300\" height=\"168\" \/><\/a><\/p>\r\n<p>&nbsp;<\/p>\r\n<p>A szigetel\u00e9s alapja a j\u00f3 min\u0151s\u00e9g\u0171 gumilemez, ami ak\u00e1r 50 \u00e9vre biztos\u00edtja a t\u00f6k\u00e9letes v\u00edzz\u00e1r\u00e1st. Erre j\u00f6n a fel\u00fcletsziv\u00e1rg\u00f3 r\u00e9teg, majd a v\u00edzelvezet\u0151- \u00e9s sz\u0171r\u0151 r\u00e9tegk\u00e9nt m\u0171k\u00f6d\u0151 geotextilia. Erre m\u00e1r a term\u0151f\u00f6ld ker\u00fcl, \u00e9s j\u00f6het a p\u00e1zsit, vagy a vir\u00e1ghagym\u00e1k, elk\u00e9pzel\u00e9s szerint.<\/p>\r\n[caption id=\"attachment_158\" align=\"aligncenter\" width=\"300\"]<a href=\"https:\/\/otthonodakert.cafeblog.hu\/files\/2019\/02\/zz.jpg\"><img class=\"size-medium wp-image-158\" src=\"https:\/\/otthonodakert.cafeblog.hu\/files\/2019\/02\/zz-300x224.jpg\" alt=\"\" width=\"300\" height=\"224\" \/><\/a> Z\u00f6ldtet\u0151 keresztmetszet[\/caption]\r\n<p><a href=\"https:\/\/otthonodakert.cafeblog.hu\/files\/2019\/02\/z8.jpg\"><img class=\"aligncenter size-medium wp-image-164\" src=\"https:\/\/otthonodakert.cafeblog.hu\/files\/2019\/02\/z8-300x225.jpg\" alt=\"\" width=\"300\" height=\"225\" \/><\/a><\/p>\r\n<p><a href=\"https:\/\/otthonodakert.cafeblog.hu\/files\/2019\/02\/z7.jpg\"><img class=\"aligncenter size-full wp-image-163\" src=\"https:\/\/otthonodakert.cafeblog.hu\/files\/2019\/02\/z7.jpg\" alt=\"\" width=\"259\" height=\"194\" \/><\/a><\/p>\r\n<p><a href=\"https:\/\/otthonodakert.cafeblog.hu\/files\/2019\/02\/z4.jpg\"><img class=\"aligncenter size-medium wp-image-161\" src=\"https:\/\/otthonodakert.cafeblog.hu\/files\/2019\/02\/z4-300x139.jpg\" alt=\"\" width=\"300\" height=\"139\" \/><\/a><\/p>\r\n<p><a href=\"https:\/\/otthonodakert.cafeblog.hu\/files\/2019\/02\/extenziv-zoldteto.jpg\"><img class=\"aligncenter size-medium wp-image-159\" src=\"https:\/\/otthonodakert.cafeblog.hu\/files\/2019\/02\/extenziv-zoldteto-300x180.jpg\" alt=\"\" width=\"300\" height=\"180\" \/><\/a><\/p>\r\n<p>&nbsp;<\/p>\r\n<p>Gumilemez, v\u00edzz\u00e1r\u00f3 r\u00e9teg \u00e9s geotextilia megv\u00e1s\u00e1rolhat\u00f3 az <strong>Otthon \u00e9s Kert \u00fczletben,<\/strong> ahol az ig\u00e9nyek alapj\u00e1n elk\u00e9sz\u00edtj\u00fck az anyagsz\u00fcks\u00e9gleti tervet, megbesz\u00e9lt id\u0151re biztos\u00edtjuk a mennyis\u00e9get, \u00e9s h\u00e1zhoz sz\u00e1ll\u00edt\u00e1sban is seg\u00edt\u00fcnk. Ha r\u00e1nk b\u00edzza h\u00e1za z\u00f6ldtet\u0151s kivitelez\u00e9st, ebben is seg\u00edt\u00fcnk.\u00a0<\/p>\r\n<p><strong>El\u00e9rhet\u0151s\u00e9geink: email: otthonodakert@gmail.com<\/strong><\/p>\r\n<p><strong>mobil: 0630-589-4466, 0670-779-6611<\/strong><\/p>\r\n<p>&nbsp;<\/p>","type":"rich"}